{"version":"1.0","provider_name":"bonca.cafeblog.hu","provider_url":"https:\/\/bonca.cafeblog.hu","author_name":"R\u00e9ka83","author_url":"https:\/\/bonca.cafeblog.hu\/author\/reka83\/","title":"Szerda 02.13.","html":"Tegnap sikeresen t\u00fal voltunk a le\u00e1nyz\u00f3 hangverseny\u00e9n, nagyon \u00fcgyi volt :) F\u00e9l h\u00e9t k\u00f6r\u00fcl m\u00e1r otthon is voltunk, \u00e9s mivel nem kellett f\u0151zn\u00f6m, \u00edgy m\u00e9giscsak jutott id\u0151m ugrabugr\u00e1l\u00e1sra is, \u00e9s olyannyira j\u00f3l ment, hogy 10 perccel tov\u00e1bb tapostam, meg egy adaggal (20 db) t\u00f6bb fel\u00fcl\u00e9st is csin\u00e1ltam, mint szoktam :) Ennek ellen\u00e9re reggeli s\u00falyom nem ezt t\u00fckr\u00f6zte 72,5 kg ot motatott a m\u00e9rleg, ami rem\u00e9lhet\u0151leg csak a pirosbet\u0171s \u00fcnnepeknek tudhat\u00f3 be.\r\n\r\nMai kaj\u00e1k, \u00e9s sz\u00e1mok egyben:\r\n\r\n<a href=\"https:\/\/bonca.cafeblog.hu\/files\/2013\/02\/kal\u00f3riat\u00e1bla7.png\"><img class=\"aligncenter size-full wp-image-107\" src=\"https:\/\/bonca.cafeblog.hu\/files\/2013\/02\/kal\u00f3riat\u00e1bla7.png\" alt=\"\" width=\"555\" height=\"325\" \/><\/a>\r\n\r\n&nbsp;\r\n\r\n&nbsp;","type":"rich"}